{"id":303,"date":"2018-03-10T14:11:12","date_gmt":"2018-03-10T14:11:12","guid":{"rendered":"https:\/\/rutillustration.com\/?page_id=303"},"modified":"2025-07-23T13:57:47","modified_gmt":"2025-07-23T13:57:47","slug":"book","status":"publish","type":"page","link":"https:\/\/rutillustration.com\/index.php\/book\/","title":{"rendered":"Books"},"content":{"rendered":"\n<figure class=\"wp-block-image size-full\"><a href=\"https:\/\/amzn.eu\/d\/0dmCIu3x\" target=\"_blank\" rel=\"noopener noreferrer\"><img data-attachment-id=\"846\" data-permalink=\"https:\/\/rutillustration.com\/index.php\/book\/mas-madera_1536px\/\" data-orig-file=\"https:\/\/i0.wp.com\/rutillustration.com\/wp-content\/uploads\/2024\/07\/MAS-MADERA_1536px.jpg?fit=1536%2C1536&amp;ssl=1\" data-orig-size=\"1536,1536\" data-comments-opened=\"0\" data-image-meta=\"{&quot;aperture&quot;:&quot;0&quot;,&quot;credit&quot;:&quot;&quot;,&quot;camera&quot;:&quot;&quot;,&quot;caption&quot;:&quot;&quot;,&quot;created_timestamp&quot;:&quot;0&quot;,&quot;copyright&quot;:&quot;&quot;,&quot;focal_length&quot;:&quot;0&quot;,&quot;iso&quot;:&quot;0&quot;,&quot;shutter_speed&quot;:&quot;0&quot;,&quot;title&quot;:&quot;&quot;,&quot;orientation&quot;:&quot;0&quot;}\" data-image-title=\"MAS-MADERA_1536px\" data-image-description=\"\" data-medium-file=\"https:\/\/i0.wp.com\/rutillustration.com\/wp-content\/uploads\/2024\/07\/MAS-MADERA_1536px.jpg?fit=300%2C300&amp;ssl=1\" data-large-file=\"https:\/\/i0.wp.com\/rutillustration.com\/wp-content\/uploads\/2024\/07\/MAS-MADERA_1536px.jpg?fit=800%2C800&amp;ssl=1\" loading=\"lazy\" width=\"1536\" height=\"1536\" src=\"https:\/\/i0.wp.com\/rutillustration.com\/wp-content\/uploads\/2024\/07\/MAS-MADERA_1536px.jpg?fit=1536%2C1536&amp;ssl=1\" alt=\"\" class=\"wp-image-846\" title=\"Libro &quot;\u00a1M\u00c1S MADERA!&quot;\" srcset=\"https:\/\/i0.wp.com\/rutillustration.com\/wp-content\/uploads\/2024\/07\/MAS-MADERA_1536px.jpg?w=1536&amp;ssl=1 1536w, https:\/\/i0.wp.com\/rutillustration.com\/wp-content\/uploads\/2024\/07\/MAS-MADERA_1536px.jpg?resize=300%2C300&amp;ssl=1 300w, https:\/\/i0.wp.com\/rutillustration.com\/wp-content\/uploads\/2024\/07\/MAS-MADERA_1536px.jpg?resize=1024%2C1024&amp;ssl=1 1024w, https:\/\/i0.wp.com\/rutillustration.com\/wp-content\/uploads\/2024\/07\/MAS-MADERA_1536px.jpg?resize=150%2C150&amp;ssl=1 150w, https:\/\/i0.wp.com\/rutillustration.com\/wp-content\/uploads\/2024\/07\/MAS-MADERA_1536px.jpg?resize=768%2C768&amp;ssl=1 768w\" sizes=\"(max-width: 800px) 100vw, 800px\" \/><\/a><\/figure>\n\n\n\n<p class=\"has-text-align-center\"><a href=\"https:\/\/amzn.eu\/d\/04iNG6AA\" data-type=\"URL\" data-id=\"https:\/\/amzn.eu\/d\/04iNG6AA\" target=\"_blank\" rel=\"noreferrer noopener\">Comprar en Amazon<\/a><\/p>\n\n\n\n<p class=\"has-text-align-center has-small-font-size\">T\u00edtulo: \u00a1M\u00c1S MADERA!<br>Autora: Mar\u00eda Rut Gonz\u00e1lez Rebate<br>Ilustradora: Mar\u00eda Rut Gonz\u00e1lez Rebate<br>Editora: Mar\u00eda Rut Gonz\u00e1lez Rebate<br>Primera edici\u00f3n en Tapa dura (2024)<br>ISBN: 978-84-09-55723-3<\/p>\n\n\n\n<p><\/p>\n\n\n\n<figure class=\"wp-block-image size-full\"><a href=\"https:\/\/amzn.eu\/d\/04wXLgUW\" target=\"_blank\" rel=\"noopener noreferrer\"><img data-attachment-id=\"847\" data-permalink=\"https:\/\/rutillustration.com\/index.php\/book\/clara-y-la-maquina-de-nubes_1536px\/\" data-orig-file=\"https:\/\/i2.wp.com\/rutillustration.com\/wp-content\/uploads\/2024\/07\/CLARA-Y-LA-MAQUINA-DE-NUBES_1536px.jpg?fit=1536%2C1536&amp;ssl=1\" data-orig-size=\"1536,1536\" data-comments-opened=\"0\" data-image-meta=\"{&quot;aperture&quot;:&quot;0&quot;,&quot;credit&quot;:&quot;&quot;,&quot;camera&quot;:&quot;&quot;,&quot;caption&quot;:&quot;&quot;,&quot;created_timestamp&quot;:&quot;0&quot;,&quot;copyright&quot;:&quot;&quot;,&quot;focal_length&quot;:&quot;0&quot;,&quot;iso&quot;:&quot;0&quot;,&quot;shutter_speed&quot;:&quot;0&quot;,&quot;title&quot;:&quot;&quot;,&quot;orientation&quot;:&quot;0&quot;}\" data-image-title=\"CLARA-Y-LA-MAQUINA-DE-NUBES_1536px\" data-image-description=\"\" data-medium-file=\"https:\/\/i2.wp.com\/rutillustration.com\/wp-content\/uploads\/2024\/07\/CLARA-Y-LA-MAQUINA-DE-NUBES_1536px.jpg?fit=300%2C300&amp;ssl=1\" data-large-file=\"https:\/\/i2.wp.com\/rutillustration.com\/wp-content\/uploads\/2024\/07\/CLARA-Y-LA-MAQUINA-DE-NUBES_1536px.jpg?fit=800%2C800&amp;ssl=1\" loading=\"lazy\" width=\"1536\" height=\"1536\" src=\"https:\/\/i2.wp.com\/rutillustration.com\/wp-content\/uploads\/2024\/07\/CLARA-Y-LA-MAQUINA-DE-NUBES_1536px.jpg?fit=1536%2C1536&amp;ssl=1\" alt=\"\" class=\"wp-image-847\" title=\"Libro &quot;Clara y la m\u00e1quina de nubes&quot;\" srcset=\"https:\/\/i2.wp.com\/rutillustration.com\/wp-content\/uploads\/2024\/07\/CLARA-Y-LA-MAQUINA-DE-NUBES_1536px.jpg?w=1536&amp;ssl=1 1536w, https:\/\/i2.wp.com\/rutillustration.com\/wp-content\/uploads\/2024\/07\/CLARA-Y-LA-MAQUINA-DE-NUBES_1536px.jpg?resize=300%2C300&amp;ssl=1 300w, https:\/\/i2.wp.com\/rutillustration.com\/wp-content\/uploads\/2024\/07\/CLARA-Y-LA-MAQUINA-DE-NUBES_1536px.jpg?resize=1024%2C1024&amp;ssl=1 1024w, https:\/\/i2.wp.com\/rutillustration.com\/wp-content\/uploads\/2024\/07\/CLARA-Y-LA-MAQUINA-DE-NUBES_1536px.jpg?resize=150%2C150&amp;ssl=1 150w, https:\/\/i2.wp.com\/rutillustration.com\/wp-content\/uploads\/2024\/07\/CLARA-Y-LA-MAQUINA-DE-NUBES_1536px.jpg?resize=768%2C768&amp;ssl=1 768w\" sizes=\"(max-width: 800px) 100vw, 800px\" \/><\/a><\/figure>\n\n\n\n<p class=\"has-text-align-center\"><a href=\"https:\/\/amzn.eu\/d\/0dDFLsQI\" data-type=\"URL\" data-id=\"https:\/\/amzn.eu\/d\/0dDFLsQI\" target=\"_blank\" rel=\"noreferrer noopener\">Comprar en Amazon<\/a><\/p>\n\n\n\n<p class=\"has-text-align-center has-small-font-size\">T\u00edtulo: Clara y la m\u00e1quina de nubes<br>Autora: Mar\u00eda Rut Gonz\u00e1lez Rebate<br>Ilustradora: Mar\u00eda Rut Gonz\u00e1lez Rebate<br>Editora: Mar\u00eda Rut Gonz\u00e1lez Rebate<br>Segunda edici\u00f3n en Tapa dura (2021)<br>ISBN: 978-84-09-32312-8<\/p>\n\n\n\n<p class=\"has-text-align-center has-small-font-size\">Primera edici\u00f3n en Tapa blanda (2019)<br>ISBN: 978-84-09-15286-5<\/p>\n\n\n\n<p><\/p>\n","protected":false},"excerpt":{"rendered":"<p>Comprar en Amazon T\u00edtulo: \u00a1M\u00c1S MADERA!Autora: Mar\u00eda Rut Gonz\u00e1lez RebateIlustradora: Mar\u00eda Rut Gonz\u00e1lez RebateEditora: Mar\u00eda Rut Gonz\u00e1lez RebatePrimera edici\u00f3n en Tapa dura (2024)ISBN: 978-84-09-55723-3 Comprar en Amazon T\u00edtulo: Clara y la m\u00e1quina de nubesAutora: Mar\u00eda Rut Gonz\u00e1lez RebateIlustradora: Mar\u00eda Rut Gonz\u00e1lez RebateEditora: Mar\u00eda Rut Gonz\u00e1lez RebateSegunda edici\u00f3n en Tapa dura (2021)ISBN: 978-84-09-32312-8 Primera edici\u00f3n en<\/p>\n","protected":false},"author":1,"featured_media":0,"parent":0,"menu_order":0,"comment_status":"closed","ping_status":"closed","template":"","meta":[],"_links":{"self":[{"href":"https:\/\/rutillustration.com\/index.php\/wp-json\/wp\/v2\/pages\/303"}],"collection":[{"href":"https:\/\/rutillustration.com\/index.php\/wp-json\/wp\/v2\/pages"}],"about":[{"href":"https:\/\/rutillustration.com\/index.php\/wp-json\/wp\/v2\/types\/page"}],"author":[{"embeddable":true,"href":"https:\/\/rutillustration.com\/index.php\/wp-json\/wp\/v2\/users\/1"}],"replies":[{"embeddable":true,"href":"https:\/\/rutillustration.com\/index.php\/wp-json\/wp\/v2\/comments?post=303"}],"version-history":[{"count":40,"href":"https:\/\/rutillustration.com\/index.php\/wp-json\/wp\/v2\/pages\/303\/revisions"}],"predecessor-version":[{"id":854,"href":"https:\/\/rutillustration.com\/index.php\/wp-json\/wp\/v2\/pages\/303\/revisions\/854"}],"wp:attachment":[{"href":"https:\/\/rutillustration.com\/index.php\/wp-json\/wp\/v2\/media?parent=303"}],"curies":[{"name":"wp","href":"https:\/\/api.w.org\/{rel}","templated":true}]}}